{"id":5499,"date":"2026-08-28T10:19:26","date_gmt":"2026-08-28T14:19:26","guid":{"rendered":"https:\/\/beaverbrookartgallery.org\/?post_type=program-event&#038;p=5499"},"modified":"2026-09-04T09:29:47","modified_gmt":"2026-09-04T13:29:47","slug":"lets-talk-art","status":"publish","type":"program-event","link":"https:\/\/beaverbrookartgallery.org\/fr\/program-event\/lets-talk-art\/","title":{"rendered":"Parlons d\u2019art"},"content":{"rendered":"<p class=\"wp-block-paragraph\">Joignez-vous \u00e0 nous pour des critiques d\u2019\u0153uvres, des pr\u00e9sentations d\u2019artistes, des discussions th\u00e9matiques, des activit\u00e9s cr\u00e9atives et des \u00e9changes inspir\u00e9s par les expositions et les enjeux contemporains. Que vous soyez artiste, \u00e9tudiant ou simplement curieux d\u2019art, tout le monde est le bienvenu.<\/p>\n\n\n\n<p class=\"wp-block-paragraph\"><strong>Premi\u00e8re s\u00e9ance - 17 septembre :<\/strong> Cette s\u00e9ance de lancement mettra en vedette Alina Karmadanova, la nouvelle coordonnatrice des programmes du Beaverbrook, qui pr\u00e9sentera certaines de ses propres \u0153uvres. Nous ouvrirons ensuite la discussion afin d\u2019\u00e9changer sur la fa\u00e7on dont les participants aimeraient voir \u00e9voluer Parlons d\u2019art!, notamment sur les formats qui conviennent le mieux au groupe.<\/p>\n\n\n\n<p class=\"wp-block-paragraph\"><strong>Horaires et lieu : de 19 h 30 \u00e0 21 h, Centre de formation RBC (entr\u00e9e par les portes r\u00e9serv\u00e9es \u00e0 la formation)<\/strong><\/p>\n\n\n\n<p class=\"wp-block-paragraph\"><strong>Prochaines dates : 29 octobre, 26 novembre, 17 d\u00e9cembre<\/strong><\/p>\n\n\n\n<p class=\"wp-block-paragraph\">Vous souhaitez vous joindre \u00e0 nous?\n\nLes artistes qui souhaitent pr\u00e9senter leur travail, ainsi que toute personne int\u00e9ress\u00e9e \u00e0 participer, peuvent communiquer avec notre coordonnatrice des programmes, Alina, \u00e0 l\u2019adresse AKarmadanova@beaverbrookartgallery.org afin de s\u2019inscrire \u00e0 une prochaine s\u00e9ance. L\u2019inscription nous aide \u00e0 bien nous pr\u00e9parer!<\/p>\n\n\n\n<p class=\"wp-block-paragraph\">Formats de session possibles :<\/p>\n\n\n\n<p class=\"wp-block-paragraph\">Micro ouvert : pr\u00e9sentations d\u2019artistes \u2014 Les artistes s\u2019inscrivent pour une courte pr\u00e9sentation de 5 \u00e0 10 minutes afin de pr\u00e9senter un projet ou une s\u00e9rie en cours, une question de recherche, une proposition d\u2019exposition ou un d\u00e9fi artistique. Choisissez entre une pr\u00e9sentation structur\u00e9e (un mod\u00e8le est disponible pour vous aider \u00e0 organiser votre pr\u00e9sentation ou vos diapositives) ou une discussion informelle suivie d\u2019une p\u00e9riode de questions.<\/p>\n\n\n\n<p class=\"wp-block-paragraph\">Micro ouvert : pr\u00e9sentations d\u2019artistes \u2014 Les artistes s\u2019inscrivent pour une courte pr\u00e9sentation de 5 \u00e0 10 minutes afin de pr\u00e9senter un projet ou une s\u00e9rie en cours, une question de recherche, une proposition d\u2019exposition ou un d\u00e9fi artistique. Choisissez entre une pr\u00e9sentation structur\u00e9e (un mod\u00e8le est disponible pour vous aider \u00e0 organiser votre pr\u00e9sentation ou vos diapositives) ou une discussion informelle suivie d\u2019une p\u00e9riode de questions.<\/p>\n\n\n\n<p class=\"wp-block-paragraph\">D\u00e9bats sur l\u2019art \u2014 Une discussion anim\u00e9e autour d\u2019une question ou d\u2019un dilemme li\u00e9 \u00e0 l\u2019art contemporain. Plut\u00f4t que de chercher \u00e0 \u00ab gagner \u00bb, ces s\u00e9ances encouragent l\u2019exploration de diff\u00e9rentes perspectives, le d\u00e9veloppement de la pens\u00e9e critique et l\u2019expression respectueuse d\u2019id\u00e9es complexes.<\/p>","protected":false},"featured_media":5500,"template":"","pe-category":[],"class_list":["post-5499","program-event","type-program-event","status-publish","has-post-thumbnail","hentry"],"_links":{"self":[{"href":"https:\/\/beaverbrookartgallery.org\/fr\/wp-json\/wp\/v2\/program-event\/5499","targetHints":{"allow":["GET"]}}],"collection":[{"href":"https:\/\/beaverbrookartgallery.org\/fr\/wp-json\/wp\/v2\/program-event"}],"about":[{"href":"https:\/\/beaverbrookartgallery.org\/fr\/wp-json\/wp\/v2\/types\/program-event"}],"version-history":[{"count":2,"href":"https:\/\/beaverbrookartgallery.org\/fr\/wp-json\/wp\/v2\/program-event\/5499\/revisions"}],"predecessor-version":[{"id":5508,"href":"https:\/\/beaverbrookartgallery.org\/fr\/wp-json\/wp\/v2\/program-event\/5499\/revisions\/5508"}],"wp:featuredmedia":[{"embeddable":true,"href":"https:\/\/beaverbrookartgallery.org\/fr\/wp-json\/wp\/v2\/media\/5500"}],"wp:attachment":[{"href":"https:\/\/beaverbrookartgallery.org\/fr\/wp-json\/wp\/v2\/media?parent=5499"}],"wp:term":[{"taxonomy":"pe-category","embeddable":true,"href":"https:\/\/beaverbrookartgallery.org\/fr\/wp-json\/wp\/v2\/pe-category?post=5499"}],"curies":[{"name":"wp","href":"https:\/\/api.w.org\/{rel}","templated":true}]}}