{"id":5364,"date":"2026-07-02T09:51:39","date_gmt":"2026-07-02T13:51:39","guid":{"rendered":"https:\/\/beaverbrookartgallery.org\/?post_type=program-event&#038;p=5364"},"modified":"2026-07-02T09:51:40","modified_gmt":"2026-07-02T13:51:40","slug":"opening-reception-still-here-preserving-our-legacy","status":"publish","type":"program-event","link":"https:\/\/beaverbrookartgallery.org\/fr\/program-event\/opening-reception-still-here-preserving-our-legacy\/","title":{"rendered":"Vernissage de Toujours l\u00e0 : pr\u00e9servons notre h\u00e9ritage"},"content":{"rendered":"<p class=\"wp-block-paragraph\">Joignez-vous \u00e0 nous pour le vernissage public de Toujours l\u00e0 : pr\u00e9servons notre h\u00e9ritage le 31 juillet, de 17 h \u00e0 20 h, au pavillon Harrison McCain. L\u2019artiste sera pr\u00e9sente, et un lancement de livre ainsi qu\u2019une s\u00e9ance de signature auront lieu pendant l\u2019\u00e9v\u00e9nement. De plus, Dee Hernandez offrira une prestation musicale.\n\nL\u2019entr\u00e9e est gratuite et des rafra\u00eechissements l\u00e9gers seront servis.&nbsp;<\/p>\n\n\n\n<p class=\"wp-block-paragraph\">Cliquez <a href=\"https:\/\/stillherefestival.ca\/\">ici<\/a> Pour en savoir plus sur la c\u00e9l\u00e9bration de l\u2019\u00e9mancipation Still Here, ainsi que sur les \u00e9v\u00e9nements qui auront lieu du 31 juillet au 3 ao\u00fbt. <\/p>\n\n\n\n<p class=\"wp-block-paragraph\">Photo : de gauche \u00e0 droite : Amina MacPherson et Mahailya MacPherson (filles), par Gary Weeks.<\/p>","protected":false},"featured_media":5365,"template":"","pe-category":[],"class_list":["post-5364","program-event","type-program-event","status-publish","has-post-thumbnail","hentry"],"_links":{"self":[{"href":"https:\/\/beaverbrookartgallery.org\/fr\/wp-json\/wp\/v2\/program-event\/5364","targetHints":{"allow":["GET"]}}],"collection":[{"href":"https:\/\/beaverbrookartgallery.org\/fr\/wp-json\/wp\/v2\/program-event"}],"about":[{"href":"https:\/\/beaverbrookartgallery.org\/fr\/wp-json\/wp\/v2\/types\/program-event"}],"version-history":[{"count":1,"href":"https:\/\/beaverbrookartgallery.org\/fr\/wp-json\/wp\/v2\/program-event\/5364\/revisions"}],"predecessor-version":[{"id":5366,"href":"https:\/\/beaverbrookartgallery.org\/fr\/wp-json\/wp\/v2\/program-event\/5364\/revisions\/5366"}],"wp:featuredmedia":[{"embeddable":true,"href":"https:\/\/beaverbrookartgallery.org\/fr\/wp-json\/wp\/v2\/media\/5365"}],"wp:attachment":[{"href":"https:\/\/beaverbrookartgallery.org\/fr\/wp-json\/wp\/v2\/media?parent=5364"}],"wp:term":[{"taxonomy":"pe-category","embeddable":true,"href":"https:\/\/beaverbrookartgallery.org\/fr\/wp-json\/wp\/v2\/pe-category?post=5364"}],"curies":[{"name":"wp","href":"https:\/\/api.w.org\/{rel}","templated":true}]}}