{"id":4982,"date":"2025-12-16T15:22:32","date_gmt":"2025-12-16T20:22:32","guid":{"rendered":"https:\/\/beaverbrookartgallery.org\/?post_type=program-event&#038;p=4982"},"modified":"2026-02-27T10:17:28","modified_gmt":"2026-02-27T15:17:28","slug":"family-workshop","status":"publish","type":"program-event","link":"https:\/\/beaverbrookartgallery.org\/fr\/program-event\/family-workshop\/","title":{"rendered":"Atelier familial"},"content":{"rendered":"<p>Les ateliers familiaux proposent des activit\u00e9s pratiques et captivantes que les familles et les amis peuvent appr\u00e9cier ensemble. Con\u00e7us pour les familles, ces ateliers conviennent aux enfants de tous \u00e2ges qui peuvent y participer avec leurs tuteurs. Organis\u00e9s un dimanche apr\u00e8s-midi par mois, de 14 h \u00e0 16 h, chaque atelier comprend tout le mat\u00e9riel n\u00e9cessaire et l'entr\u00e9e \u00e0 la galerie. L'entr\u00e9e co\u00fbte 15 $ par adulte et 5 $ par enfant, avec une r\u00e9duction de 20 % pour les membres. C'est le moyen id\u00e9al pour passer un apr\u00e8s-midi amusant et cr\u00e9atif ensemble.<\/p>\n\n\n\n<div class=\"tb-button\" data-toolset-blocks-button=\"03b9936c39b553ed8bd6d18bbd58a0ea\"><a class=\"tb-button__link\" href=\"https:\/\/beaverbrookartgallery.ticketing.veevartapp.com\/tickets\/view\/list\/family-workshops-winter-2026\"><i class=\"tb-button__icon\"><\/i><span class=\"tb-button__content\">Billets<\/span><\/a><\/div>\n\n\n\n<p><strong>Dimanche 25 janvier<\/strong><strong><sup>th<\/sup><\/strong><strong>, 2:00 PM \u2013 4:00 PM: <\/strong><strong>Souvenirs en argile du FROSTival !<\/strong>&nbsp;<\/p>\n\n\n\n<p>Laissez-vous inspirer par la saison du FROSTival et exprimez votre amour pour tout ce qui touche \u00e0 l'hiver en fabriquant \u00e0 la main votre propre coupelle en argile. D\u00e9couvrez les activit\u00e9s hivernales pr\u00e9f\u00e9r\u00e9es de votre famille en concevant et en fabriquant une coupelle unique et personnalis\u00e9e sur le th\u00e8me de la neige pour vous souvenir des bons moments pass\u00e9s ensemble !&nbsp;<\/p>\n\n\n\n<p><strong>Sunday, March 29, 2:00 PM \u2013 4:00 PM: Abstract Painting!<\/strong>\u00a0<\/p>\n\n\n\n<p>Collaborez avec votre famille et inspirez-vous du <em>Onze peintres d\u00e9clarent la guerre<\/em> exposition pour cr\u00e9er une peinture abstraite expressive et color\u00e9e. Utilisez des mat\u00e9riaux recycl\u00e9s pour ajouter de la profondeur et de la texture \u00e0 votre \u0153uvre !&nbsp;<\/p>\n\n\n\n<p><strong>Dimanche 19 avril, de 14 h \u00e0 16 h : Collages avec Dali : paysages surr\u00e9alistes<\/strong>&nbsp;<\/p>\n\n\n\n<p>Donnez vie \u00e0 vos id\u00e9es les plus folles \u00e0 l'aide de magazines, de morceaux de papier et de tissu pour cr\u00e9er un paysage surr\u00e9aliste qui raconte une histoire ! Inspirez-vous du talent et de l'imagination de Dali et utilisez de la peinture pour ajouter de la vivacit\u00e9 \u00e0 votre chef-d'\u0153uvre.&nbsp;<\/p>","protected":false},"featured_media":4984,"template":"","pe-category":[59],"class_list":["post-4982","program-event","type-program-event","status-publish","has-post-thumbnail","hentry","pe-category-home-featured"],"_links":{"self":[{"href":"https:\/\/beaverbrookartgallery.org\/fr\/wp-json\/wp\/v2\/program-event\/4982","targetHints":{"allow":["GET"]}}],"collection":[{"href":"https:\/\/beaverbrookartgallery.org\/fr\/wp-json\/wp\/v2\/program-event"}],"about":[{"href":"https:\/\/beaverbrookartgallery.org\/fr\/wp-json\/wp\/v2\/types\/program-event"}],"version-history":[{"count":2,"href":"https:\/\/beaverbrookartgallery.org\/fr\/wp-json\/wp\/v2\/program-event\/4982\/revisions"}],"predecessor-version":[{"id":5144,"href":"https:\/\/beaverbrookartgallery.org\/fr\/wp-json\/wp\/v2\/program-event\/4982\/revisions\/5144"}],"wp:featuredmedia":[{"embeddable":true,"href":"https:\/\/beaverbrookartgallery.org\/fr\/wp-json\/wp\/v2\/media\/4984"}],"wp:attachment":[{"href":"https:\/\/beaverbrookartgallery.org\/fr\/wp-json\/wp\/v2\/media?parent=4982"}],"wp:term":[{"taxonomy":"pe-category","embeddable":true,"href":"https:\/\/beaverbrookartgallery.org\/fr\/wp-json\/wp\/v2\/pe-category?post=4982"}],"curies":[{"name":"wp","href":"https:\/\/api.w.org\/{rel}","templated":true}]}}