{"id":3415,"date":"2024-09-19T13:52:39","date_gmt":"2024-09-19T17:52:39","guid":{"rendered":"https:\/\/beaverbrookartgallery.org\/?post_type=program-event&#038;p=3415"},"modified":"2024-10-29T08:43:40","modified_gmt":"2024-10-29T12:43:40","slug":"tom-thomson-north-star-curators-talk-with-sarah-milroy","status":"publish","type":"program-event","link":"https:\/\/beaverbrookartgallery.org\/fr\/program-event\/tom-thomson-north-star-curators-talk-with-sarah-milroy\/","title":{"rendered":"SOLD OUT: Tom Thomson: North Star\u00a0Curator\u2019s Talk with Sarah Milroy"},"content":{"rendered":"<p><strong>Samedi 16 novembre, de 13h00 \u00e0 15h00<\/strong><\/p>\n\n\n\n<p>Rejoignez Sarah Milroy, directrice g\u00e9n\u00e9rale et conservatrice en chef de la Collection McMichael d'art canadien, pour une visite et une pr\u00e9sentation de l'exposition. <em><a href=\"https:\/\/beaverbrookartgallery.org\/fr\/exhibition\/tom-thomson-north-star\/\" data-type=\"link\" data-id=\"https:\/\/beaverbrookartgallery.org\/exhibition\/tom-thomson-north-star\/\">Tom Thomson: \u00e9toile du Nord<\/a><\/em>.<\/p>\n\n\n\n<p class=\"has-text-align-center\"><em>L'inscription est gratuite. Toutefois, les droits d'entr\u00e9e habituels s'appliquent. <\/em><\/p>\n\n\n\n<p class=\"has-text-align-center\"><em>Veuillez vous assurer que vous payez \u00e0 la r\u00e9ception lors de votre arriv\u00e9e.<\/em><\/p>\n\n\n\n<div class=\"tb-button\" data-toolset-blocks-button=\"448e9d12f895866e9b65ddfae04ed951\"><a class=\"tb-button__link\" href=\"https:\/\/beaverbrookartgallery.ticketing.veevartapp.com\/tickets\/view\/list\/tom-thomson-north-star-curators-talk-with-sarah-milroy\"><i class=\"tb-button__icon\"><\/i><span class=\"tb-button__content\">Enregistrer<\/span><\/a><\/div>\n\n\n<div class=\"wp-block-image\">\n<figure class=\"alignleft size-full is-resized\"><img loading=\"lazy\" decoding=\"async\" width=\"598\" height=\"900\" src=\"https:\/\/beaverbrookartgallery.org\/wp-content\/uploads\/Sarah-Milroy_-photo-credit-Tom-Sandler.jpeg\" alt=\"\" class=\"wp-image-3418\" style=\"width:226px;height:auto\" srcset=\"https:\/\/beaverbrookartgallery.org\/wp-content\/uploads\/Sarah-Milroy_-photo-credit-Tom-Sandler.jpeg 598w, https:\/\/beaverbrookartgallery.org\/wp-content\/uploads\/Sarah-Milroy_-photo-credit-Tom-Sandler-199x300.jpeg 199w, https:\/\/beaverbrookartgallery.org\/wp-content\/uploads\/Sarah-Milroy_-photo-credit-Tom-Sandler-8x12.jpeg 8w\" sizes=\"auto, (max-width: 598px) 100vw, 598px\" \/><\/figure>\n<\/div>\n\n\n<p>Sarah Milroy est conservatrice en chef de la Collection McMichael d'art canadien. Ancienne r\u00e9dactrice en chef et \u00e9ditrice de <em>Canadian Art<\/em> Elle a \u00e9t\u00e9 critique d'art en chef pour le magazine <em>Globe and Mail<\/em> de 2001 \u00e0 2011. En 2014, elle et Ian A.C. Dejardin ont assur\u00e9 le commissariat de l'exposition <em>De la for\u00eat \u00e0 la mer : Emily Carr en Colombie-Britannique<\/em> at Dulwich Picture Gallery in London, UK, followed by <em>Vanessa Bell<\/em> (2017) and <em>David Milne: Modern Painting<\/em> (2018). Since joining the McMichael in 2018, Milroy has curated over twenty exhibitions, including <em>Early Days: Indigenous Art at the McMichael<\/em> (2020\u201321), <em>Uninvited: Canadian Women Artists in the Modern Moment<\/em> (2021\u201322), <em>Denyse Thomasos: Odyssey<\/em> (with Gaetane Verna, 2021), <em>Generations: The Sobey Family and Canadian Art<\/em> (2022), <em>Dempsey Bob: In His Own Voice<\/em> (with Curtis Collins, 2022\u201323), <em>Wanda Koop: Lightworks<\/em> (2022), <em>Gathie Falk: Revelations<\/em> (2022\u201323), <em>Rajni Perera: Futures<\/em> (2022\u201323), and her forthcoming exhibition, <em>Marcel Dzama: Ghosts of Canoe Lake<\/em>. Milroy was appointed a Member of the Order of Canada in 2020.<\/p>\n\n\n\n<p><\/p>\n\n\n\n<p><strong>Tom Thomson (1877-1917), <em>Abandoned Logs<\/em>, 1915, oil on board, 21.6 \u00d7 26.6 cm, Purchase 1974, McMichael Canadian Art Collection, Photo: Toni Hafkenscheid&nbsp;<\/strong><\/p>","protected":false},"featured_media":3423,"template":"","pe-category":[],"class_list":["post-3415","program-event","type-program-event","status-publish","has-post-thumbnail","hentry"],"_links":{"self":[{"href":"https:\/\/beaverbrookartgallery.org\/fr\/wp-json\/wp\/v2\/program-event\/3415","targetHints":{"allow":["GET"]}}],"collection":[{"href":"https:\/\/beaverbrookartgallery.org\/fr\/wp-json\/wp\/v2\/program-event"}],"about":[{"href":"https:\/\/beaverbrookartgallery.org\/fr\/wp-json\/wp\/v2\/types\/program-event"}],"version-history":[{"count":5,"href":"https:\/\/beaverbrookartgallery.org\/fr\/wp-json\/wp\/v2\/program-event\/3415\/revisions"}],"predecessor-version":[{"id":3675,"href":"https:\/\/beaverbrookartgallery.org\/fr\/wp-json\/wp\/v2\/program-event\/3415\/revisions\/3675"}],"wp:featuredmedia":[{"embeddable":true,"href":"https:\/\/beaverbrookartgallery.org\/fr\/wp-json\/wp\/v2\/media\/3423"}],"wp:attachment":[{"href":"https:\/\/beaverbrookartgallery.org\/fr\/wp-json\/wp\/v2\/media?parent=3415"}],"wp:term":[{"taxonomy":"pe-category","embeddable":true,"href":"https:\/\/beaverbrookartgallery.org\/fr\/wp-json\/wp\/v2\/pe-category?post=3415"}],"curies":[{"name":"wp","href":"https:\/\/api.w.org\/{rel}","templated":true}]}}